{"id":2099,"date":"2020-04-27T17:14:25","date_gmt":"2020-04-27T15:14:25","guid":{"rendered":"https:\/\/www.fsdgth.com\/?page_id=2099"},"modified":"2023-04-17T15:22:40","modified_gmt":"2023-04-17T13:22:40","slug":"mentions-legales","status":"publish","type":"page","link":"https:\/\/www.fermedupoitou.fr\/en\/mentions-legales\/","title":{"rendered":"Mentions l\u00e9gales"},"content":{"rendered":"\t\t<div data-elementor-type=\"wp-page\" data-elementor-id=\"2099\" class=\"elementor elementor-2099\" data-elementor-post-type=\"page\">\n\t\t\t\t\t\t<section class=\"penci-section penci-disSticky penci-structure-10 elementor-section elementor-top-section elementor-element elementor-element-67eb4899 elementor-section-boxed elementor-section-height-default elementor-section-height-default\" data-id=\"67eb4899\" data-element_type=\"section\" data-e-type=\"section\">\n\t\t\t\t\t\t<div class=\"elementor-container elementor-column-gap-default\">\n\t\t\t\t\t<div class=\"penci-ercol-100 penci-ercol-order-1 penci-sticky-ct    elementor-column elementor-col-100 elementor-top-column elementor-element elementor-element-508e6dd9\" data-id=\"508e6dd9\" data-element_type=\"column\" data-e-type=\"column\">\n\t\t\t<div class=\"elementor-widget-wrap elementor-element-populated\">\n\t\t\t\t\t\t<div class=\"elementor-element elementor-element-281d9cd2 elementor-widget elementor-widget-text-editor\" data-id=\"281d9cd2\" data-element_type=\"widget\" data-e-type=\"widget\" data-widget_type=\"text-editor.default\">\n\t\t\t\t<div class=\"elementor-widget-container\">\n\t\t\t\t\t\t\t\t\t\n<h2>\u00c9diteur du site et responsable \u00e9ditorial<\/h2>\n\n<p>L\u2019adresse de notre site Web est : https:\/\/www.fermedupoitou.fr<\/p>\n<p>Jean Waroux<br \/>LD Ouismes<br \/>La Ferme du Champ du Parc<br \/>79110 Chef-Boutonne<br \/>www.fermedupoitou.fr<br \/>Entrepreneur individuel<br \/>Siret : S39080649500029 &#8211; APE : 0145Z<\/p>\n\n<h2>Cr\u00e9ateur du site<\/h2>\n<p>WebGraphie<br \/>Agence de communication<br \/>www.webgraphie.com<br \/>Siret : 519 658 140 00024 \u2013 APE : 6201Z<br \/>Les erreurs ou omissions d\u2019informations une fois le site livr\u00e9 ne sont plus de la responsabilit\u00e9 de WebGraphie mais du responsable \u00e9ditorial.<\/p>\n\n<h3>H\u00e9bergeur<\/h3>\n\n<p>L\u2019h\u00e9bergement du site est r\u00e9alis\u00e9 par la soci\u00e9t\u00e9 o2switch.<br \/>Siret : 510 909 807 00024<br \/>RCS Clermont Ferrand<br \/>SARL au capital de 100 000\u20ac<br \/>Op\u00e9rateur T\u00e9l\u00e9com d\u00e9clar\u00e9 ARCEP<br \/>09\/2989 \u2013 AS50474<\/p>\n\n<h3>Conditions d\u2019utilisation du site<\/h3>\n\n<p>La Ferme du Champ du Parc s\u2019efforce d\u2019assurer au mieux l\u2019exactitude et la mise \u00e0 jour des informations diffus\u00e9es sur le site. Toutes les informations indiqu\u00e9es sur le site sont donn\u00e9es \u00e0 titre indicatif et sont susceptibles d\u2019\u00e9voluer. L\u2019utilisateur du site internet reconna\u00eet disposer de la comp\u00e9tence et des moyens n\u00e9cessaires pour acc\u00e9der et utiliser ce site. Il reconna\u00eet \u00e9galement avoir pris connaissance de la pr\u00e9sente et s\u2019engage \u00e0 la respecter.<\/p>\n\n<h3>Limitations de responsabilit\u00e9<\/h3>\n<p>La Ferme du Champ du Parc ne pourra \u00eatre tenue responsable de dommages mat\u00e9riels li\u00e9s \u00e0 l\u2019utilisation du site. L\u2019utilisateur du site s\u2019engage \u00e0 utiliser un mat\u00e9riel r\u00e9cent, ne contenant pas de virus pour naviguer.<\/p>\n\n<h3>Avertissement<\/h3>\n\n<p>La Ferme du Champ du Parc se r\u00e9serve le droit de modifier, de suspendre, de restreindre ou d\u2019interrompre momentan\u00e9ment, l\u2019acc\u00e8s du site fermedupoitou.fr, pour des raisons de maintenance technique.<\/p>\n\n<h3>Contenu embarqu\u00e9 depuis d\u2019autres sites et liens externes<\/h3>\n\n<p>Les sites \u00e9ventuellement propos\u00e9s depuis le site www.fermdupoitou.fr, ne sont pas sous son contr\u00f4le. En cons\u00e9quence, La Ferme du Champ du Parc n\u2019assume aucune responsabilit\u00e9 quant aux informations publi\u00e9es sur ces sites. Les liens avec des sites ext\u00e9rieurs ne sont fournis qu\u2019\u00e0 titre de commodit\u00e9 et n\u2019impliquent aucune caution quant \u00e0 leur contenu.<\/p>\n\n<p>Ces sites web pourraient collecter des donn\u00e9es sur vous, utiliser des cookies, embarquer des outils de suivis tiers, suivre vos interactions avec ces contenus embarqu\u00e9s si vous disposez d\u2019un compte connect\u00e9 sur leur site web.<\/p>\n\n<h3>Cookies<\/h3>\n\n<p>La navigation sur le site www.fermedupoitou.fr est susceptible de provoquer l\u2019installation de cookie(s) sur l\u2019ordinateur de l\u2019utilisateur. Un cookie est un \u00e9l\u00e9ment qui ne permet pas d\u2019identifier l\u2019utilisateur mais sert \u00e0 enregistrer des informations relatives \u00e0 la navigation de celui-ci sur le site Internet. L\u2019utilisateur a la possibilit\u00e9 de s\u2019opposer \u00e0 l\u2019utilisation de ces cookies en param\u00e9trant son navigateur. Certaines parties de ce site ne peuvent \u00eatre fonctionnelles sans l\u2019acceptation de cookies.<\/p>\n\t\t\t\t\t\t\t\t<\/div>\n\t\t\t\t<\/div>\n\t\t\t\t\t<\/div>\n\t\t<\/div>\n\t\t\t\t\t<\/div>\n\t\t<\/section>\n\t\t\t\t<\/div>\n\t\t<div class=\"gsp_post_data\" \r\n\t            data-post_type=\"page\" \r\n\t            data-cat=\"\" \r\n\t            data-modified=\"120\"\r\n\t            data-created=\"1588007665\"\r\n\t            data-title=\"Mentions l\u00e9gales\" \r\n\t            data-home=\"https:\/\/www.fermedupoitou.fr\/en\/\"><\/div>","protected":false},"excerpt":{"rendered":"<p>\u00c9diteur du site et responsable \u00e9ditorial L\u2019adresse de notre site Web est : https:\/\/www.fermedupoitou.fr Jean WarouxLD OuismesLa Ferme du Champ du Parc79110 Chef-Boutonnewww.fermedupoitou.frEntrepreneur individuelSiret : S39080649500029 &#8211; APE : 0145Z&hellip;<\/p>\n","protected":false},"author":1,"featured_media":0,"parent":0,"menu_order":0,"comment_status":"closed","ping_status":"closed","template":"","meta":{"_lmt_disableupdate":"","_lmt_disable":"","footnotes":""},"class_list":["post-2099","page","type-page","status-publish","hentry"],"yoast_head":"<!-- This site is optimized with the Yoast SEO plugin v27.4 - https:\/\/yoast.com\/product\/yoast-seo-wordpress\/ -->\n<title>Mentions l\u00e9gales de la Ferme du Champ du Parc \u00e0 Cr\u00e9zi\u00e8res<\/title>\n<meta name=\"description\" content=\"Mentions l\u00e9gales de la Ferme du Champ du Parc - G\u00eete \u00e0 la ferme dans les Deux-S\u00e8vres \u00e0 Cr\u00e9zi\u00e8res - Ch\u00e8vrerie - Asinerie de Ouismes\" \/>\n<meta name=\"robots\" content=\"index, follow, max-snippet:-1, max-image-preview:large, max-video-preview:-1\" \/>\n<link rel=\"canonical\" href=\"https:\/\/www.fermedupoitou.fr\/en\/mentions-legales\/\" \/>\n<meta name=\"twitter:card\" content=\"summary_large_image\" \/>\n<meta name=\"twitter:title\" content=\"Mentions l\u00e9gales de la Ferme du Champ du Parc \u00e0 Cr\u00e9zi\u00e8res\" \/>\n<meta name=\"twitter:description\" content=\"Mentions l\u00e9gales de la Ferme du Champ du Parc - G\u00eete \u00e0 la ferme dans les Deux-S\u00e8vres \u00e0 Cr\u00e9zi\u00e8res - Ch\u00e8vrerie - Asinerie de Ouismes\" \/>\n<meta name=\"twitter:label1\" content=\"Est. reading time\" \/>\n\t<meta name=\"twitter:data1\" content=\"3 minutes\" \/>\n<script type=\"application\/ld+json\" class=\"yoast-schema-graph\">{\"@context\":\"https:\\\/\\\/schema.org\",\"@graph\":[{\"@type\":\"WebPage\",\"@id\":\"https:\\\/\\\/www.fermedupoitou.fr\\\/en\\\/mentions-legales\\\/\",\"url\":\"https:\\\/\\\/www.fermedupoitou.fr\\\/en\\\/mentions-legales\\\/\",\"name\":\"Mentions l\u00e9gales de la Ferme du Champ du Parc \u00e0 Cr\u00e9zi\u00e8res\",\"isPartOf\":{\"@id\":\"https:\\\/\\\/www.fermedupoitou.fr\\\/en\\\/#website\"},\"datePublished\":\"2020-04-27T15:14:25+00:00\",\"dateModified\":\"2023-04-17T13:22:40+00:00\",\"description\":\"Mentions l\u00e9gales de la Ferme du Champ du Parc - G\u00eete \u00e0 la ferme dans les Deux-S\u00e8vres \u00e0 Cr\u00e9zi\u00e8res - Ch\u00e8vrerie - Asinerie de Ouismes\",\"breadcrumb\":{\"@id\":\"https:\\\/\\\/www.fermedupoitou.fr\\\/en\\\/mentions-legales\\\/#breadcrumb\"},\"inLanguage\":\"en-US\",\"potentialAction\":[{\"@type\":\"ReadAction\",\"target\":[\"https:\\\/\\\/www.fermedupoitou.fr\\\/en\\\/mentions-legales\\\/\"]}]},{\"@type\":\"BreadcrumbList\",\"@id\":\"https:\\\/\\\/www.fermedupoitou.fr\\\/en\\\/mentions-legales\\\/#breadcrumb\",\"itemListElement\":[{\"@type\":\"ListItem\",\"position\":1,\"name\":\"Home\",\"item\":\"https:\\\/\\\/www.fermedupoitou.fr\\\/en\\\/amp\\\/\"},{\"@type\":\"ListItem\",\"position\":2,\"name\":\"Mentions l\u00e9gales\"}]},{\"@type\":\"WebSite\",\"@id\":\"https:\\\/\\\/www.fermedupoitou.fr\\\/en\\\/#website\",\"url\":\"https:\\\/\\\/www.fermedupoitou.fr\\\/en\\\/\",\"name\":\"Ferme du Champ du Parc\",\"description\":\"Location de g\u00eete en Poitou-Charentes. Dans le village de Cr\u00e9zi\u00e8res, nous vous ferons visiter notre ferme poitevine (baudets du Poitou, ch\u00e8vres, poules de marans).\",\"publisher\":{\"@id\":\"https:\\\/\\\/www.fermedupoitou.fr\\\/en\\\/#organization\"},\"potentialAction\":[{\"@type\":\"SearchAction\",\"target\":{\"@type\":\"EntryPoint\",\"urlTemplate\":\"https:\\\/\\\/www.fermedupoitou.fr\\\/en\\\/?s={search_term_string}\"},\"query-input\":{\"@type\":\"PropertyValueSpecification\",\"valueRequired\":true,\"valueName\":\"search_term_string\"}}],\"inLanguage\":\"en-US\"},{\"@type\":\"Organization\",\"@id\":\"https:\\\/\\\/www.fermedupoitou.fr\\\/en\\\/#organization\",\"name\":\"La Ferme du Champ du Parc - Asinerie de Ouismes\",\"url\":\"https:\\\/\\\/www.fermedupoitou.fr\\\/en\\\/\",\"logo\":{\"@type\":\"ImageObject\",\"inLanguage\":\"en-US\",\"@id\":\"https:\\\/\\\/www.fermedupoitou.fr\\\/en\\\/#\\\/schema\\\/logo\\\/image\\\/\",\"url\":\"https:\\\/\\\/www.fermedupoitou.fr\\\/wp-content\\\/uploads\\\/2020\\\/04\\\/logo.png\",\"contentUrl\":\"https:\\\/\\\/www.fermedupoitou.fr\\\/wp-content\\\/uploads\\\/2020\\\/04\\\/logo.png\",\"width\":355,\"height\":416,\"caption\":\"La Ferme du Champ du Parc - Asinerie de Ouismes\"},\"image\":{\"@id\":\"https:\\\/\\\/www.fermedupoitou.fr\\\/en\\\/#\\\/schema\\\/logo\\\/image\\\/\"},\"sameAs\":[\"https:\\\/\\\/www.facebook.com\\\/fermeduchampduparc.asineriedeouismes\"]}]}<\/script>\n<!-- \/ Yoast SEO plugin. -->","yoast_head_json":{"title":"Mentions l\u00e9gales de la Ferme du Champ du Parc \u00e0 Cr\u00e9zi\u00e8res","description":"Mentions l\u00e9gales de la Ferme du Champ du Parc - G\u00eete \u00e0 la ferme dans les Deux-S\u00e8vres \u00e0 Cr\u00e9zi\u00e8res - Ch\u00e8vrerie - Asinerie de Ouismes","robots":{"index":"index","follow":"follow","max-snippet":"max-snippet:-1","max-image-preview":"max-image-preview:large","max-video-preview":"max-video-preview:-1"},"canonical":"https:\/\/www.fermedupoitou.fr\/en\/mentions-legales\/","twitter_card":"summary_large_image","twitter_title":"Mentions l\u00e9gales de la Ferme du Champ du Parc \u00e0 Cr\u00e9zi\u00e8res","twitter_description":"Mentions l\u00e9gales de la Ferme du Champ du Parc - G\u00eete \u00e0 la ferme dans les Deux-S\u00e8vres \u00e0 Cr\u00e9zi\u00e8res - Ch\u00e8vrerie - Asinerie de Ouismes","twitter_misc":{"Est. reading time":"3 minutes"},"schema":{"@context":"https:\/\/schema.org","@graph":[{"@type":"WebPage","@id":"https:\/\/www.fermedupoitou.fr\/en\/mentions-legales\/","url":"https:\/\/www.fermedupoitou.fr\/en\/mentions-legales\/","name":"Mentions l\u00e9gales de la Ferme du Champ du Parc \u00e0 Cr\u00e9zi\u00e8res","isPartOf":{"@id":"https:\/\/www.fermedupoitou.fr\/en\/#website"},"datePublished":"2020-04-27T15:14:25+00:00","dateModified":"2023-04-17T13:22:40+00:00","description":"Mentions l\u00e9gales de la Ferme du Champ du Parc - G\u00eete \u00e0 la ferme dans les Deux-S\u00e8vres \u00e0 Cr\u00e9zi\u00e8res - Ch\u00e8vrerie - Asinerie de Ouismes","breadcrumb":{"@id":"https:\/\/www.fermedupoitou.fr\/en\/mentions-legales\/#breadcrumb"},"inLanguage":"en-US","potentialAction":[{"@type":"ReadAction","target":["https:\/\/www.fermedupoitou.fr\/en\/mentions-legales\/"]}]},{"@type":"BreadcrumbList","@id":"https:\/\/www.fermedupoitou.fr\/en\/mentions-legales\/#breadcrumb","itemListElement":[{"@type":"ListItem","position":1,"name":"Home","item":"https:\/\/www.fermedupoitou.fr\/en\/amp\/"},{"@type":"ListItem","position":2,"name":"Mentions l\u00e9gales"}]},{"@type":"WebSite","@id":"https:\/\/www.fermedupoitou.fr\/en\/#website","url":"https:\/\/www.fermedupoitou.fr\/en\/","name":"Ferme du Champ du Parc","description":"Location de g\u00eete en Poitou-Charentes. Dans le village de Cr\u00e9zi\u00e8res, nous vous ferons visiter notre ferme poitevine (baudets du Poitou, ch\u00e8vres, poules de marans).","publisher":{"@id":"https:\/\/www.fermedupoitou.fr\/en\/#organization"},"potentialAction":[{"@type":"SearchAction","target":{"@type":"EntryPoint","urlTemplate":"https:\/\/www.fermedupoitou.fr\/en\/?s={search_term_string}"},"query-input":{"@type":"PropertyValueSpecification","valueRequired":true,"valueName":"search_term_string"}}],"inLanguage":"en-US"},{"@type":"Organization","@id":"https:\/\/www.fermedupoitou.fr\/en\/#organization","name":"La Ferme du Champ du Parc - Asinerie de Ouismes","url":"https:\/\/www.fermedupoitou.fr\/en\/","logo":{"@type":"ImageObject","inLanguage":"en-US","@id":"https:\/\/www.fermedupoitou.fr\/en\/#\/schema\/logo\/image\/","url":"https:\/\/www.fermedupoitou.fr\/wp-content\/uploads\/2020\/04\/logo.png","contentUrl":"https:\/\/www.fermedupoitou.fr\/wp-content\/uploads\/2020\/04\/logo.png","width":355,"height":416,"caption":"La Ferme du Champ du Parc - Asinerie de Ouismes"},"image":{"@id":"https:\/\/www.fermedupoitou.fr\/en\/#\/schema\/logo\/image\/"},"sameAs":["https:\/\/www.facebook.com\/fermeduchampduparc.asineriedeouismes"]}]}},"_links":{"self":[{"href":"https:\/\/www.fermedupoitou.fr\/en\/wp-json\/wp\/v2\/pages\/2099","targetHints":{"allow":["GET"]}}],"collection":[{"href":"https:\/\/www.fermedupoitou.fr\/en\/wp-json\/wp\/v2\/pages"}],"about":[{"href":"https:\/\/www.fermedupoitou.fr\/en\/wp-json\/wp\/v2\/types\/page"}],"author":[{"embeddable":true,"href":"https:\/\/www.fermedupoitou.fr\/en\/wp-json\/wp\/v2\/users\/1"}],"replies":[{"embeddable":true,"href":"https:\/\/www.fermedupoitou.fr\/en\/wp-json\/wp\/v2\/comments?post=2099"}],"version-history":[{"count":3,"href":"https:\/\/www.fermedupoitou.fr\/en\/wp-json\/wp\/v2\/pages\/2099\/revisions"}],"predecessor-version":[{"id":2296,"href":"https:\/\/www.fermedupoitou.fr\/en\/wp-json\/wp\/v2\/pages\/2099\/revisions\/2296"}],"wp:attachment":[{"href":"https:\/\/www.fermedupoitou.fr\/en\/wp-json\/wp\/v2\/media?parent=2099"}],"curies":[{"name":"wp","href":"https:\/\/api.w.org\/{rel}","templated":true}]}}